{"id":45798,"date":"2020-04-27T11:43:55","date_gmt":"2020-04-27T09:43:55","guid":{"rendered":"https:\/\/ffcv.es\/wp\/?page_id=45798"},"modified":"2022-07-20T12:54:00","modified_gmt":"2022-07-20T10:54:00","slug":"asamblea-general-de-la-ffcv","status":"publish","type":"page","link":"https:\/\/ffcv.es\/wp\/asamblea-general-de-la-ffcv\/","title":{"rendered":"Asamblea General de la FFCV"},"content":{"rendered":"\n<p>La <strong>Asamblea General <\/strong>es el \u00f3rgano m\u00e1ximo de la <strong>Federaci\u00f3 de Futbol de la Comunitat Valenciana<\/strong>. Sus miembros son elegidos cada cuatro a\u00f1os por votaci\u00f3n entre todos los estamentos del f\u00fatbol campo y f\u00fatbol sala de las tres circunscripciones (provincias) de la <strong>Comunitat Valenciana<\/strong>.<\/p>\n\n\n\n<p>La <strong>Asamblea General<\/strong> la componen 120 asamble\u00edstas. La representaci\u00f3n de los cuatro estamentos (entidades deportivas, deportistas, entrenadores y \u00e1rbitros), as\u00ed como de las tres provincias de la <strong>Comunitat<\/strong> y del f\u00fatbol campo o f\u00fatbol sala, es proporcional al n\u00famero de licencias.<\/p>\n\n\n\n<p>El n\u00famero de 120 asamble\u00edstas viene determinado por el\u00a0<a href=\"http:\/\/www.dogv.gva.es\/portal\/ficha_disposicion_pc.jsp?sig=000623\/2018&amp;L=1\">DECRETO 2\/2018, de 12 de enero, de la Generalitat Valenciana, por el que se regulan las entidades deportivas de la Comunitat Valenciana.<\/a>\u00a0<\/p>\n\n\n\n<p>Seg\u00fan este decreto, la <strong>Asamblea General <\/strong>tiene la obligaci\u00f3n de reunirse al menos dos veces al a\u00f1o.<\/p>\n\n\n\n<p>Estos son los 120 asamble\u00edstas de la<strong> Federaci\u00f3 de Futbol de la Comunitat Valenciana<\/strong>, elegidos en votaci\u00f3n celebrada el 19 de septiembre de 2018:<\/p>\n\n\n\n<h2 class=\"wp-block-heading\">Circunscripci\u00f3n Castell\u00f3n<\/h2>\n\n\n\n<h3 class=\"wp-block-heading\">F\u00fatbol campo<\/h3>\n\n\n\n<h4 class=\"wp-block-heading\">Entidades deportivas<\/h4>\n\n\n\n<figure class=\"wp-block-table is-style-stripes\"><table class=\"\"><tbody><tr><td>Jos\u00e9 Francisco Reula (CD Burriana)<\/td><\/tr><tr><td>David Linde (CD Soneja)<\/td><\/tr><tr><td>David P\u00e9rez (Club La Vall)<\/td><\/tr><tr><td>Jordi Lucena (CD Onda)<\/td><\/tr><tr><td>Juan Miguel Carregui (Burriana FB)<\/td><\/tr><tr><td>Jos\u00e9 D\u00edaz (Sporting de Castell\u00f3)<\/td><\/tr><tr><td>Joaqu\u00edn Geira (Vinaros CF)<\/td><\/tr><\/tbody><\/table><\/figure>\n\n\n\n<h4 class=\"wp-block-heading\">Deportistas<\/h4>\n\n\n\n<figure class=\"wp-block-table is-style-stripes\"><table class=\"\"><tbody><tr><td>Carlos Gracia<\/td><\/tr><tr><td>Alejandro Carmona<\/td><\/tr><tr><td>\u00c1lvaro Miquel<\/td><\/tr><tr><td>Mar\u00eda Ortells<\/td><\/tr><tr><td>Laura Cuesta<\/td><\/tr><\/tbody><\/table><\/figure>\n\n\n\n<h4 class=\"wp-block-heading\">\u00c1rbitros<\/h4>\n\n\n\n<figure class=\"wp-block-table is-style-stripes\"><table class=\"\"><tbody><tr><td>Miguel Bosch<\/td><\/tr><tr><td>Alexandra Tabita<\/td><\/tr><\/tbody><\/table><\/figure>\n\n\n\n<h4 class=\"wp-block-heading\">Entrenadores<\/h4>\n\n\n\n<figure class=\"wp-block-table is-style-stripes\"><table class=\"\"><tbody><tr><td>Iv\u00e1n Ausina<\/td><\/tr><\/tbody><\/table><\/figure>\n\n\n\n<h3 class=\"wp-block-heading\">F\u00fatbol Sala<\/h3>\n\n\n\n<h4 class=\"wp-block-heading\">Entidades deportivas<\/h4>\n\n\n\n<figure class=\"wp-block-table is-style-stripes\"><table class=\"\"><tbody><tr><td>David Rosado (CFS JPM Burriana)<\/td><\/tr><tr><td>Jos\u00e9 Ignacio Cant\u00f3 (CD FS Segorbe)<\/td><\/tr><\/tbody><\/table><\/figure>\n\n\n\n<h4 class=\"wp-block-heading\">Deportistas<\/h4>\n\n\n\n<figure class=\"wp-block-table is-style-stripes\"><table class=\"\"><tbody><tr><td>H\u00e9ctor Garrig\u00f3s<\/td><\/tr><\/tbody><\/table><\/figure>\n\n\n\n<figure class=\"wp-block-image size-large\"><img loading=\"lazy\" decoding=\"async\" width=\"1024\" height=\"682\" data-src=\"https:\/\/ffcv.es\/wp\/wp-content\/uploads\/2020\/04\/AG2I0572-1024x682.jpg\" alt=\"\" class=\"wp-image-45808 lazyload\" data-srcset=\"https:\/\/ffcv.es\/wp\/wp-content\/uploads\/2020\/04\/AG2I0572-1024x682.jpg 1024w, https:\/\/ffcv.es\/wp\/wp-content\/uploads\/2020\/04\/AG2I0572-300x200.jpg 300w, https:\/\/ffcv.es\/wp\/wp-content\/uploads\/2020\/04\/AG2I0572-768x511.jpg 768w, https:\/\/ffcv.es\/wp\/wp-content\/uploads\/2020\/04\/AG2I0572-1536x1023.jpg 1536w, https:\/\/ffcv.es\/wp\/wp-content\/uploads\/2020\/04\/AG2I0572-2048x1363.jpg 2048w, https:\/\/ffcv.es\/wp\/wp-content\/uploads\/2020\/04\/AG2I0572-280x187.jpg 280w, https:\/\/ffcv.es\/wp\/wp-content\/uploads\/2020\/04\/AG2I0572-1170x779.jpg 1170w, https:\/\/ffcv.es\/wp\/wp-content\/uploads\/2020\/04\/AG2I0572-scaled.jpg 1623w\" data-sizes=\"(max-width: 1024px) 100vw, 1024px\" src=\"data:image\/gif;base64,R0lGODlhAQABAAAAACH5BAEKAAEALAAAAAABAAEAAAICTAEAOw==\" style=\"--smush-placeholder-width: 1024px; --smush-placeholder-aspect-ratio: 1024\/682;\" \/><noscript><img loading=\"lazy\" decoding=\"async\" width=\"1024\" height=\"682\" src=\"https:\/\/ffcv.es\/wp\/wp-content\/uploads\/2020\/04\/AG2I0572-1024x682.jpg\" alt=\"\" class=\"wp-image-45808\" srcset=\"https:\/\/ffcv.es\/wp\/wp-content\/uploads\/2020\/04\/AG2I0572-1024x682.jpg 1024w, https:\/\/ffcv.es\/wp\/wp-content\/uploads\/2020\/04\/AG2I0572-300x200.jpg 300w, https:\/\/ffcv.es\/wp\/wp-content\/uploads\/2020\/04\/AG2I0572-768x511.jpg 768w, https:\/\/ffcv.es\/wp\/wp-content\/uploads\/2020\/04\/AG2I0572-1536x1023.jpg 1536w, https:\/\/ffcv.es\/wp\/wp-content\/uploads\/2020\/04\/AG2I0572-2048x1363.jpg 2048w, https:\/\/ffcv.es\/wp\/wp-content\/uploads\/2020\/04\/AG2I0572-280x187.jpg 280w, https:\/\/ffcv.es\/wp\/wp-content\/uploads\/2020\/04\/AG2I0572-1170x779.jpg 1170w, https:\/\/ffcv.es\/wp\/wp-content\/uploads\/2020\/04\/AG2I0572-scaled.jpg 1623w\" sizes=\"(max-width: 1024px) 100vw, 1024px\" \/><\/noscript><figcaption>Asamble General que eligi\u00f3 a Salva Gomar como presidente (noviembre 2018).<\/figcaption><\/figure>\n\n\n\n<h2 class=\"wp-block-heading\">Circunscripci\u00f3n Valencia<\/h2>\n\n\n\n<h3 class=\"wp-block-heading\">F\u00fatbol campo<\/h3>\n\n\n\n<h4 class=\"wp-block-heading\">Entidades deportivas<\/h4>\n\n\n\n<figure class=\"wp-block-table is-style-stripes\"><table class=\"\"><tbody><tr><td>Concepci\u00f3n Palanca (UD Benimodo)<\/td><\/tr><tr><td>Jos\u00e9 Enrique Sanchis (Burjassot CF)<\/td><\/tr><tr><td>Fernando Lino (Torrent CF)<\/td><\/tr><tr><td>Diego Ram\u00f3n (Paterna CF)<\/td><\/tr><tr><td>Mar\u00eda Teresa Gonz\u00e1lez (CD Conde)<\/td><\/tr><tr><td>Ana Clemente (UE Vall dels Alcalans)<\/td><\/tr><tr><td>Jos\u00e9 Vidal (UD Carcaixent)<\/td><\/tr><tr><td>Jos\u00e9 Antonio Mart\u00ed (Tavernes Blanques CF)<\/td><\/tr><tr><td>Salvador Pons (Patacona CF)<\/td><\/tr><tr><td>Miguel \u00c1ngel Ruiz (Levante UD SAD)<\/td><\/tr><tr><td>Ricardo Peris (Silla CF)<\/td><\/tr><tr><td>Juan Antonio Sanju\u00e1n (UD Alzira)<\/td><\/tr><tr><td>Salvador Gomar (CD Cuenca)<\/td><\/tr><tr><td>Jos\u00e9 Morgado (CD Don Bosco)<\/td><\/tr><tr><td>Yolanda Folguera (CF E-1 Valencia)<\/td><\/tr><tr><td>Antonio Marzal (CFB Gandia)<\/td><\/tr><tr><td>Francisco de las Marinas (CD Serrano)<\/td><\/tr><tr><td>Mar\u00eda Luisa Garc\u00eda (CD Camporrobles)<\/td><\/tr><tr><td>Pascual Carratal\u00e1 (CE Alberic Promeses)<\/td><\/tr><tr><td>Eduardo Revert (CEB Ontinyent)<\/td><\/tr><tr><td>Jorge Gisbert (CF Recambios Col\u00f3n Catarroja)<\/td><\/tr><tr><td>Rafael Gimeno (CF Cracks)<\/td><\/tr><tr><td>Juan Miguel Cerd\u00e1n (CF Malilla)<\/td><\/tr><tr><td>Antonio Arenas (Mislata CF)<\/td><\/tr><tr><td>Rafael Navarro (CF Promeses Sueca)<\/td><\/tr><\/tbody><\/table><\/figure>\n\n\n\n<h4 class=\"wp-block-heading\">Deportistas<\/h4>\n\n\n\n<figure class=\"wp-block-table is-style-stripes\"><table class=\"\"><tbody><tr><td>Juan Vicente Fombuena<\/td><\/tr><tr><td>Pau Bareas<\/td><\/tr><tr><td>Jorge Alcaraz<\/td><\/tr><tr><td>Marc Zafrilla<\/td><\/tr><tr><td>Ferran Zarzoso<\/td><\/tr><tr><td>Carles Mascarell<\/td><\/tr><tr><td>Pablo Serrano<\/td><\/tr><tr><td>Javier Garc\u00eda<\/td><\/tr><tr><td>Antonio Villalonga<\/td><\/tr><tr><td>Lorena Landete<\/td><\/tr><tr><td>M\u00f3nica Almaz\u00e1n<\/td><\/tr><tr><td>Andrea Palacios<\/td><\/tr><tr><td>Mar\u00eda de Alharilla Casado<\/td><\/tr><tr><td>Sonia Prim<\/td><\/tr><tr><td>Andrea Esteban<\/td><\/tr><\/tbody><\/table><\/figure>\n\n\n\n<h4 class=\"wp-block-heading\">Entrenadores<\/h4>\n\n\n\n<figure class=\"wp-block-table is-style-stripes\"><table class=\"\"><tbody><tr><td>Juan Carlos Zafrilla<\/td><\/tr><tr><td>Jos\u00e9 Andr\u00e9s Menchero<\/td><\/tr><tr><td>Ana G\u00f3mez<\/td><\/tr><tr><td>Eugenia Soto<\/td><\/tr><\/tbody><\/table><\/figure>\n\n\n\n<h4 class=\"wp-block-heading\">\u00c1rbitros<\/h4>\n\n\n\n<figure class=\"wp-block-table is-style-stripes\"><table class=\"\"><tbody><tr><td>Antonio Miguel Mateu<\/td><\/tr><tr><td>Pau Norbert<\/td><\/tr><tr><td>Raquel Dolz<\/td><\/tr><tr><td>Rita Caba\u00f1ero<\/td><\/tr><tr><td>Julio Mena<\/td><\/tr><tr><td>Iv\u00e1n Caparr\u00f3s<\/td><\/tr><\/tbody><\/table><\/figure>\n\n\n\n<h3 class=\"wp-block-heading\">F\u00fatbol Sala<\/h3>\n\n\n\n<h4 class=\"wp-block-heading\">Entidades deportivas<\/h4>\n\n\n\n<figure class=\"wp-block-table is-style-stripes\"><table class=\"\"><tbody><tr><td>Santiago Baeza (CD Arcadi Valencia)<\/td><\/tr><tr><td>Francisco Navarro (AT Morverdre FS)<\/td><\/tr><tr><td>Vicente Fontana (Alzira FS)<\/td><\/tr><tr><td>Jos\u00e9 Antonio Dom\u00e9nech (La Canyada CFS)<\/td><\/tr><tr><td>Ricardo Bellver (CE Futsal Hisp\u00e1nic Torrent)<\/td><\/tr><tr><td>Javier Matoses (Valencia FS)<\/td><\/tr><\/tbody><\/table><\/figure>\n\n\n\n<h4 class=\"wp-block-heading\">Deportistas<\/h4>\n\n\n\n<figure class=\"wp-block-table is-style-stripes\"><table class=\"\"><tbody><tr><td>Sara Flores<\/td><\/tr><tr><td>\u00c1ngel Gimeno<\/td><\/tr><tr><td>Clara Briones<\/td><\/tr><tr><td>Francisco Prefaci<\/td><\/tr><\/tbody><\/table><\/figure>\n\n\n\n<h4 class=\"wp-block-heading\">Entrenadores<\/h4>\n\n\n\n<figure class=\"wp-block-table is-style-stripes\"><table class=\"\"><tbody><tr><td>Luis Dorado<\/td><\/tr><\/tbody><\/table><\/figure>\n\n\n\n<h4 class=\"wp-block-heading\">\u00c1rbitros<\/h4>\n\n\n\n<figure class=\"wp-block-table is-style-stripes\"><table class=\"\"><tbody><tr><td>Carlos Rabad\u00e1n<\/td><\/tr><tr><td>Nuria Palencia<\/td><\/tr><\/tbody><\/table><\/figure>\n\n\n\n<figure class=\"wp-block-image size-large\"><img loading=\"lazy\" decoding=\"async\" width=\"1024\" height=\"683\" data-src=\"https:\/\/ffcv.es\/wp\/wp-content\/uploads\/2019\/06\/Asamblea-FFCV-3-1024x683.jpeg\" alt=\"28 junio - Asamblea General Federaci\u00f3 Futbol Comunitat Valenciana\" class=\"wp-image-32449 lazyload\" data-srcset=\"https:\/\/ffcv.es\/wp\/wp-content\/uploads\/2019\/06\/Asamblea-FFCV-3-1024x683.jpeg 1024w, https:\/\/ffcv.es\/wp\/wp-content\/uploads\/2019\/06\/Asamblea-FFCV-3-300x200.jpeg 300w, https:\/\/ffcv.es\/wp\/wp-content\/uploads\/2019\/06\/Asamblea-FFCV-3-768x512.jpeg 768w, https:\/\/ffcv.es\/wp\/wp-content\/uploads\/2019\/06\/Asamblea-FFCV-3-280x187.jpeg 280w, https:\/\/ffcv.es\/wp\/wp-content\/uploads\/2019\/06\/Asamblea-FFCV-3-1170x780.jpeg 1170w, https:\/\/ffcv.es\/wp\/wp-content\/uploads\/2019\/06\/Asamblea-FFCV-3.jpeg 1440w\" data-sizes=\"(max-width: 1024px) 100vw, 1024px\" src=\"data:image\/gif;base64,R0lGODlhAQABAAAAACH5BAEKAAEALAAAAAABAAEAAAICTAEAOw==\" style=\"--smush-placeholder-width: 1024px; --smush-placeholder-aspect-ratio: 1024\/683;\" \/><noscript><img loading=\"lazy\" decoding=\"async\" width=\"1024\" height=\"683\" src=\"https:\/\/ffcv.es\/wp\/wp-content\/uploads\/2019\/06\/Asamblea-FFCV-3-1024x683.jpeg\" alt=\"28 junio - Asamblea General Federaci\u00f3 Futbol Comunitat Valenciana\" class=\"wp-image-32449\" srcset=\"https:\/\/ffcv.es\/wp\/wp-content\/uploads\/2019\/06\/Asamblea-FFCV-3-1024x683.jpeg 1024w, https:\/\/ffcv.es\/wp\/wp-content\/uploads\/2019\/06\/Asamblea-FFCV-3-300x200.jpeg 300w, https:\/\/ffcv.es\/wp\/wp-content\/uploads\/2019\/06\/Asamblea-FFCV-3-768x512.jpeg 768w, https:\/\/ffcv.es\/wp\/wp-content\/uploads\/2019\/06\/Asamblea-FFCV-3-280x187.jpeg 280w, https:\/\/ffcv.es\/wp\/wp-content\/uploads\/2019\/06\/Asamblea-FFCV-3-1170x780.jpeg 1170w, https:\/\/ffcv.es\/wp\/wp-content\/uploads\/2019\/06\/Asamblea-FFCV-3.jpeg 1440w\" sizes=\"(max-width: 1024px) 100vw, 1024px\" \/><\/noscript><figcaption>Reuni\u00f3n de la Asamblea General celebrada en junio de 2019.<\/figcaption><\/figure>\n\n\n\n<h2 class=\"wp-block-heading\">Circunscripci\u00f3n Alicante<\/h2>\n\n\n\n<h3 class=\"wp-block-heading\">F\u00fatbol campo<\/h3>\n\n\n\n<h4 class=\"wp-block-heading\">Entidades deportivas<\/h4>\n\n\n\n<figure class=\"wp-block-table is-style-stripes\"><table class=\"\"><tbody><tr><td>Agust\u00edn Mont\u00f3n (SFFCV Benidorm CD)<\/td><\/tr><tr><td>Ra\u00fal G\u00f3mez (CF La Nuc\u00eda)<\/td><\/tr><tr><td>Jos\u00e9 Luis Mart\u00ednez (UD Altea)<\/td><\/tr><tr><td>Enrique Cervera (Kelme CF)<\/td><\/tr><tr><td>Francisco Moral (CF Pista)<\/td><\/tr><tr><td>Juan Serrano (CD Alcoyano)<\/td><\/tr><tr><td>Joaqu\u00edn Gil (CD Thader)<\/td><\/tr><tr><td>Francisco Javier Gil (Elda Industrial CF)<\/td><\/tr><tr><td>Enrique Garc\u00eda (UE Gimn\u00e0stic San Vicente CF)<\/td><\/tr><tr><td>Manuel Reina (SCD Carolinas)<\/td><\/tr><tr><td>Francisco Albaladejo (CD Almorad\u00ed)<\/td><\/tr><tr><td>Vicente M. L\u00f3pez (FC Bah\u00eda Santa Pola)<\/td><\/tr><tr><td>Miguel \u00c1guila (CF At. Ciudad de Benidorm)<\/td><\/tr><tr><td>Jes\u00fas Ca\u00f1izares (CF SPA Alicante)<\/td><\/tr><tr><td>Enrique Ortol\u00e1 (Crevillente Deportivo)<\/td><\/tr><tr><td>Sebasti\u00e1n Rodr\u00edguez (Villajoyosa CF)<\/td><\/tr><\/tbody><\/table><\/figure>\n\n\n\n<h4 class=\"wp-block-heading\">Deportistas<\/h4>\n\n\n\n<figure class=\"wp-block-table is-style-stripes\"><table class=\"\"><tbody><tr><td>Vanesa Ronda<\/td><\/tr><tr><td>Luis Ortiz<\/td><\/tr><tr><td>Federico Ruiz<\/td><\/tr><tr><td>V\u00edctor Gim\u00e9nez<\/td><\/tr><tr><td>Jos\u00e9 Mar\u00eda Galva\u00f1<\/td><\/tr><tr><td>Zaira Mart\u00ednez<\/td><\/tr><tr><td>Claudia Barea<\/td><\/tr><tr><td>Jos\u00e9 Carlos Lozano<\/td><\/tr><tr><td>Blanca Banegas<\/td><\/tr><\/tbody><\/table><\/figure>\n\n\n\n<h4 class=\"wp-block-heading\">Entrenadores<\/h4>\n\n\n\n<figure class=\"wp-block-table is-style-stripes\"><table class=\"\"><tbody><tr><td>Ram\u00f3n Carrasco<\/td><\/tr><\/tbody><\/table><\/figure>\n\n\n\n<h4 class=\"wp-block-heading\">\u00c1rbitros<\/h4>\n\n\n\n<figure class=\"wp-block-table is-style-stripes\"><table class=\"\"><tbody><tr><td>Juan Mart\u00ednez<\/td><\/tr><tr><td>Alba F\u00e9lix<\/td><\/tr><tr><td>Mar\u00eda Romero<\/td><\/tr><tr><td>Gaspar Lloret<\/td><\/tr><tr><td>Marcos Saenen<\/td><\/tr><\/tbody><\/table><\/figure>\n\n\n\n<h3 class=\"wp-block-heading\">F\u00fatbol Sala<\/h3>\n\n\n\n<h4 class=\"wp-block-heading\">Entidades deportivas<\/h4>\n\n\n\n<figure class=\"wp-block-table is-style-stripes\"><table class=\"\"><tbody><tr><td>Francisco Rubio (CFS Racing San Juan Alicante)<\/td><\/tr><tr><td>Pedro Luis Garc\u00eda (CFS Futsal Ibi)<\/td><\/tr><tr><td>Vicente Oncina (Xaloc Alacant FS)<\/td><\/tr><tr><td>Gaspar Lloret (CD La Vila FS)<\/td><\/tr><\/tbody><\/table><\/figure>\n\n\n\n<h4 class=\"wp-block-heading\">Deportistas<\/h4>\n\n\n\n<figure class=\"wp-block-table is-style-stripes\"><table class=\"\"><tbody><tr><td>Jos\u00e9 Ram\u00f3n Gonz\u00e1lvez<\/td><\/tr><tr><td>M\u00f3nica Castillo<\/td><\/tr><\/tbody><\/table><\/figure>\n\n\n\n<h4 class=\"wp-block-heading\">Entrenadores<\/h4>\n\n\n\n<figure class=\"wp-block-table is-style-stripes\"><table class=\"\"><tbody><tr><td>Jos\u00e9 Luis Mengual<\/td><\/tr><\/tbody><\/table><\/figure>\n\n\n\n<h4 class=\"wp-block-heading\">\u00c1rbitros<\/h4>\n\n\n\n<figure class=\"wp-block-table is-style-stripes\"><table class=\"\"><tbody><tr><td>\u00d3scar Ropero<\/td><\/tr><\/tbody><\/table><\/figure>\n","protected":false},"excerpt":{"rendered":"<p>La Asamblea General es el \u00f3rgano m\u00e1ximo de la Federaci\u00f3 de Futbol de la Comunitat Valenciana. Sus miembros son elegidos cada cuatro a\u00f1os por votaci\u00f3n entre todos los estamentos del f\u00fatbol campo y f\u00fatbol sala de las tres circunscripciones (provincias) de la Comunitat Valenciana. La Asamblea General la componen 120 asamble\u00edstas. La representaci\u00f3n de los<\/p>\n","protected":false},"author":15,"featured_media":40579,"parent":0,"menu_order":0,"comment_status":"closed","ping_status":"closed","template":"","meta":{"om_disable_all_campaigns":false,"footnotes":""},"class_list":["post-45798","page","type-page","status-publish","has-post-thumbnail","hentry"],"aioseo_notices":[],"_links":{"self":[{"href":"https:\/\/ffcv.es\/wp\/wp-json\/wp\/v2\/pages\/45798"}],"collection":[{"href":"https:\/\/ffcv.es\/wp\/wp-json\/wp\/v2\/pages"}],"about":[{"href":"https:\/\/ffcv.es\/wp\/wp-json\/wp\/v2\/types\/page"}],"author":[{"embeddable":true,"href":"https:\/\/ffcv.es\/wp\/wp-json\/wp\/v2\/users\/15"}],"replies":[{"embeddable":true,"href":"https:\/\/ffcv.es\/wp\/wp-json\/wp\/v2\/comments?post=45798"}],"version-history":[{"count":5,"href":"https:\/\/ffcv.es\/wp\/wp-json\/wp\/v2\/pages\/45798\/revisions"}],"predecessor-version":[{"id":92730,"href":"https:\/\/ffcv.es\/wp\/wp-json\/wp\/v2\/pages\/45798\/revisions\/92730"}],"wp:featuredmedia":[{"embeddable":true,"href":"https:\/\/ffcv.es\/wp\/wp-json\/wp\/v2\/media\/40579"}],"wp:attachment":[{"href":"https:\/\/ffcv.es\/wp\/wp-json\/wp\/v2\/media?parent=45798"}],"curies":[{"name":"wp","href":"https:\/\/api.w.org\/{rel}","templated":true}]}}